{"id":91,"date":"2022-08-29T14:57:23","date_gmt":"2022-08-29T14:57:23","guid":{"rendered":"https:\/\/giovannibergantino.com\/?page_id=91"},"modified":"2022-10-27T10:12:04","modified_gmt":"2022-10-27T10:12:04","slug":"biografia","status":"publish","type":"page","link":"https:\/\/giovannibergantino.com\/index.php\/biografia\/","title":{"rendered":"Biografia"},"content":{"rendered":"<!--themify_builder_content-->\n<div id=\"themify_builder_content-91\" data-postid=\"91\" class=\"themify_builder_content themify_builder_content-91 themify_builder tf_clear\">\n    \t<!-- module_row -->\n\t<div  data-lazy=\"1\" class=\"module_row themify_builder_row tb_cuko677 tb_first tf_clearfix\" >\n\t    \t\t<div class=\"row_inner col_align_top col-count-1 tf_box tf_w tf_rel\">\n\t\t\t<div  data-lazy=\"1\" class=\"module_column tb-column col-full first tb_u4eh677 tf_box\">\n\t\t\t    \t        <div class=\"tb-column-inner tf_box tf_w\">\n\t\t    \t<div  data-lazy=\"1\" class=\"module_subrow themify_builder_sub_row tb_w8gx524 tf_w tf_clearfix\">\n\t    \t\t<div class=\"subrow_inner col_align_top col-count-1 tf_box tf_w\">\n\t\t\t<div  data-lazy=\"1\" class=\"sub_column module_column tf_box col-full first tb_z0dl525\"> \n\t    \t    \t        <div class=\"tb-column-inner tf_box tf_w\">\n\t\t    <!-- module text -->\n<div  class=\"module module-text tb_ds8f818   tb_text_dropcap\" data-lazy=\"1\">\n        <div  class=\"tb_text_wrap\">\n    <p>Giovanni Bergantino nasce a Foggia il 25 novembre 2004 anche se vive a San Severo trascorrendo la sua infanzia tranquillamente con la famiglia, a scuola, con gli amici, in chiesa. Un bambino come tutti gli altri sempre educato e solare, generoso con tutti ma al tempo stesso riservato.<\/p>    <\/div>\n<\/div>\n<!-- \/module text -->\t        <\/div>\n\t    \t<\/div>\n\t\t    <\/div>\n\t<\/div><!-- \/themify_builder_sub_row -->\n\t\t        <\/div>\n\t    \t<\/div>\n\t\t    <\/div>\n\t    <!-- \/row_inner -->\n\t<\/div>\n\t<!-- \/module_row -->\n\t\t<!-- module_row -->\n\t<div  data-lazy=\"1\" class=\"module_row themify_builder_row fullheight tb_6xvp827 tf_clearfix\" >\n\t    \t\t<div class=\"row_inner col_align_bottom gutter-none col_auto_height col-count-1 direction-rtl tf_box tf_w tf_rel\"  data-desktop_dir=\"rtl\" data-tablet_dir=\"rtl\" data-tablet_landscape_dir=\"rtl\" data-basecol=\"1\" data-col_mobile=\"column-full\">\n\t\t\t<div  data-lazy=\"1\" class=\"module_column tb-column col-full first tb_ku7h827 tf_box\">\n\t\t\t    \t        <div class=\"tb-column-inner tf_box tf_w\">\n\t\t    \t<div  data-lazy=\"1\" class=\"module_subrow themify_builder_sub_row tb_gam8828 tf_w tf_clearfix\">\n\t    \t\t<div class=\"subrow_inner col_align_middle gutter-none col-count-2 tf_box tf_w\"  data-basecol=\"2\" data-col_tablet=\"column4-2\" data-col_tablet_landscape=\"column4-2\" data-col_mobile=\"column-full\">\n\t\t\t<div  data-lazy=\"1\" class=\"sub_column module_column tf_box col2-1 first tb_wnrb829 repeat\" > \n\t    \t    \t        <div class=\"tb-column-inner tf_box tf_w\">\n\t\t    <!-- module image -->\n<div  class=\"module module-image tb_m3vn829   image-center tf_mw\" data-lazy=\"1\">\n        <div class=\"image-wrap tf_rel tf_mw\">\n\t\t    <img loading=\"lazy\" decoding=\"async\" src=\"https:\/\/giovannibergantino.com\/wp-content\/uploads\/2022\/09\/1-600x899.jpg\" width=\"600\" height=\"899\" class=\"wp-post-image wp-image-200\" title=\"1\" alt=\"1\" srcset=\"https:\/\/giovannibergantino.com\/wp-content\/uploads\/2022\/09\/1-600x899.jpg 600w, https:\/\/giovannibergantino.com\/wp-content\/uploads\/2022\/09\/1-200x300.jpg 200w, https:\/\/giovannibergantino.com\/wp-content\/uploads\/2022\/09\/1.jpg 591w\" sizes=\"auto, (max-width: 600px) 100vw, 600px\" \/>\t\n\t\t<\/div>\n\t<!-- \/image-wrap -->\n    \n    \t<\/div>\n<!-- \/module image -->\t        <\/div>\n\t    \t<\/div>\n\t\t<div  data-lazy=\"1\" class=\"sub_column module_column tf_box col2-1 last tb_rn31829 repeat\" > \n\t    \t    \t        <div class=\"tb-column-inner tf_box tf_w\">\n\t\t    <!-- module text -->\n<div  class=\"module module-text tb_0pop829  repeat \" data-lazy=\"1\">\n        <div  class=\"tb_text_wrap\">\n    <h3><strong>LA SCUOLA E LE PASSIONI DI UN BAMBINO&#8230; ATTIVO! <\/strong><\/h3>\n<p>A cinque anni inizia a giocare a calcio in una squadra locale, l\u2019Apocalisse, e l\u2019anno successivo frequenta la scuola elementare presso l\u2019Istituto San Giovanni Bosco in San Severo. Giovanni si dimostra particolarmente attivo nelle esperienze scolastiche ed extrascolastiche: canta, balla, recita ed \u00e8 coinvolto in prima persona in ogni manifestazione. La sua materia preferita \u00e8 l\u2019italiano, ama le parole e lo dimostra arrivando terzo alle Olimpiadi Nazionali della Grammatica e, sempre nello stesso anno, vincendo un concorso letterario intitolato alla memoria di Salvatore Marracino, giovane militare sanseverese ucciso in un attentato a Nassirya. Chi legge quel tema, scruta la storia di Giovanni; i suoi principi, valori ed un percorso di fede intenso, vissuto con la sua famiglia nella Parrocchia delle Grazie a San Severo che si intensifica maggiormente dall\u2019incontro con Ges\u00f9 nel Sacramento della Prima Comunione ricevuta ad aprile del 2014.<\/p>    <\/div>\n<\/div>\n<!-- \/module text -->\t        <\/div>\n\t    \t<\/div>\n\t\t    <\/div>\n\t<\/div><!-- \/themify_builder_sub_row -->\n\t\t<div  data-lazy=\"1\" class=\"module_subrow themify_builder_sub_row tb_ny2j830 tf_w tf_clearfix\">\n\t    \t\t<div class=\"subrow_inner col_align_middle gutter-none col-count-2 tf_box tf_w\"  data-mobile_dir=\"rtl\" data-basecol=\"2\" data-col_tablet=\"column4-2\" data-col_tablet_landscape=\"column4-2\">\n\t\t\t<div  data-lazy=\"1\" class=\"sub_column module_column tf_box col2-1 first tb_hn86830\"> \n\t    \t    \t        <div class=\"tb-column-inner tf_box tf_w\">\n\t\t    <!-- module text -->\n<div  class=\"module module-text tb_or5f830  repeat \" data-lazy=\"1\">\n        <div  class=\"tb_text_wrap\">\n    <h3><strong>DAL CALCIO\u2026 ALLA SCOPERTA DELLA MALATTIA <\/strong><\/h3>\n<p>Qualche mese dopo, esattamente nel marzo 2015, durante una partita di calcio, Giovanni si fa male, avverte dolori fortissimi all\u2019inguine che lo costringano ad usare le stampelle. I dottori pensano ad uno stiramento, ma ad agosto il malessere si ripresenta pi\u00f9 forte di prima ed \u00e8 necessaria una visita specialistica all\u2019ospedale Rizzoli di Bologna. La diagnosi del tre settembre non lascia scampi: sarcoma di Ewing al bacino, tra i pi\u00f9 rari ed aggressivi. La massa \u00e8 di diciassette centimetri, esplosa, inoperabile e con numerosissime metastasi ai polmoni. Addirittura i medici si spingono oltre: <em>\u00abDifficilmente, Giovanni arriver\u00e0 al prossimo Natale, ma vogliamo provarci con terapie abbastanza aggressive\u00bb. <\/em>Parole forti, toni perentori che lascerebbero basiti chiunque, tranne uno: il diretto interessato. Non solo Gi\u00f2 reagisce con vigore alle potenti medicine, ma ha un\u2019arma tutta sua, il sorriso da trasmettere a chiunque. E cos\u00ec, a dieci anni, proprio quando tutti i suoi amici si siedono tra i banchi di scuola della prima media, Giovanni lotta, in un letto d\u2019ospedale, per la vita, difendendola con ostentazione e tenacia.<\/p>    <\/div>\n<\/div>\n<!-- \/module text -->\t        <\/div>\n\t    \t<\/div>\n\t\t<div  data-lazy=\"1\" class=\"sub_column module_column tf_box col2-1 last tb_dape830\"> \n\t    \t    \t        <div class=\"tb-column-inner tf_box tf_w\">\n\t\t    <!-- module image -->\n<div  class=\"module module-image tb_uklx830   image-center tf_mw\" data-lazy=\"1\">\n        <div class=\"image-wrap tf_rel tf_mw\">\n\t\t    <img loading=\"lazy\" decoding=\"async\" src=\"https:\/\/giovannibergantino.com\/wp-content\/uploads\/2022\/09\/2-612x854.jpg\" width=\"612\" height=\"854\" class=\"wp-post-image wp-image-155\" title=\"Biografia\" alt=\"Biografia\">\t\n\t\t<\/div>\n\t<!-- \/image-wrap -->\n    \n    \t<\/div>\n<!-- \/module image -->\t        <\/div>\n\t    \t<\/div>\n\t\t    <\/div>\n\t<\/div><!-- \/themify_builder_sub_row -->\n\t\t        <\/div>\n\t    \t<\/div>\n\t\t    <\/div>\n\t    <!-- \/row_inner -->\n\t<\/div>\n\t<!-- \/module_row -->\n\t\t<!-- module_row -->\n\t<div  data-lazy=\"1\" class=\"module_row themify_builder_row fullheight tb_9x2j91 tf_clearfix\" >\n\t    \t\t<div class=\"row_inner col_align_bottom gutter-none col_auto_height col-count-1 direction-rtl tf_box tf_w tf_rel\"  data-desktop_dir=\"rtl\" data-tablet_dir=\"rtl\" data-tablet_landscape_dir=\"rtl\" data-basecol=\"1\" data-col_mobile=\"column-full\">\n\t\t\t<div  data-lazy=\"1\" class=\"module_column tb-column col-full first tb_qrs493 tf_box\">\n\t\t\t    \t        <div class=\"tb-column-inner tf_box tf_w\">\n\t\t    \t<div  data-lazy=\"1\" class=\"module_subrow themify_builder_sub_row tb_l7na93 tf_w tf_clearfix\">\n\t    \t\t<div class=\"subrow_inner col_align_middle gutter-none col-count-2 tf_box tf_w\"  data-basecol=\"2\" data-col_tablet=\"column4-2\" data-col_tablet_landscape=\"column4-2\" data-col_mobile=\"column-full\">\n\t\t\t<div  data-lazy=\"1\" class=\"sub_column module_column tf_box col2-1 first tb_f8ue93 repeat\" > \n\t    \t    \t        <div class=\"tb-column-inner tf_box tf_w\">\n\t\t    <!-- module image -->\n<div  class=\"module module-image tb_yf2693   image-center tf_mw\" data-lazy=\"1\">\n        <div class=\"image-wrap tf_rel tf_mw\">\n\t\t    <img loading=\"lazy\" decoding=\"async\" src=\"https:\/\/giovannibergantino.com\/wp-content\/uploads\/2022\/09\/3-600x899.jpg\" width=\"600\" height=\"899\" class=\"wp-post-image wp-image-202\" title=\"3\" alt=\"3\" srcset=\"https:\/\/giovannibergantino.com\/wp-content\/uploads\/2022\/09\/3-600x899.jpg 600w, https:\/\/giovannibergantino.com\/wp-content\/uploads\/2022\/09\/3-200x300.jpg 200w, https:\/\/giovannibergantino.com\/wp-content\/uploads\/2022\/09\/3.jpg 591w\" sizes=\"auto, (max-width: 600px) 100vw, 600px\" \/>\t\n\t\t<\/div>\n\t<!-- \/image-wrap -->\n    \n    \t<\/div>\n<!-- \/module image -->\t        <\/div>\n\t    \t<\/div>\n\t\t<div  data-lazy=\"1\" class=\"sub_column module_column tf_box col2-1 last tb_gh0d94 repeat\" > \n\t    \t    \t        <div class=\"tb-column-inner tf_box tf_w\">\n\t\t    <!-- module text -->\n<div  class=\"module module-text tb_p6pd94  repeat \" data-lazy=\"1\">\n        <div  class=\"tb_text_wrap\">\n    <h3><strong>GLI INTERVENTI, LE CHEMIO, LE SPERANZE\u2026<\/strong><\/h3>\n<p>A San Giovanni Rotondo, la citt\u00e0 di San Pio, partono sei lunghissimi anni fatti di cicli lunghissimi di chemioterapia e continui ricoveri a causa delle numerose infezioni dovute alle basse difese immunitarie. Gi\u00f2 ne prova di ogni: radioterapia al bacino <u>(che gli provoca delle piaghe dolorose e sanguinanti),<\/u> un trapianto delle cellule staminali costringendolo all\u2019isolamento, in una camera sterile, per un mese senza poter vedere nessuno.Proprio quando la malattia sembra essere in remissione, un altro fulmine a ciel sereno: 3 settembre 2017. Giovanni ha una metastasi di sette centimetri alla testa. Urge l\u2019operazione. Passa l\u2019intervento, vive l\u2019esperienza della rianimazione, ma il suo spirito non muta mai: sorriso e fiducia nel Signore rinnovata, a distanza di pochi mesi dall\u2019operazione chirurgica, con il Sacramento della Cresima. Due anni dopo, nel 2019, finalmente, Giovanni vive la sua quotidianit\u00e0 lontano dall\u2019ospedale!<\/p>    <\/div>\n<\/div>\n<!-- \/module text -->\t        <\/div>\n\t    \t<\/div>\n\t\t    <\/div>\n\t<\/div><!-- \/themify_builder_sub_row -->\n\t\t<div  data-lazy=\"1\" class=\"module_subrow themify_builder_sub_row tb_j2o995 tf_w tf_clearfix\">\n\t    \t\t<div class=\"subrow_inner col_align_middle gutter-none col-count-2 tf_box tf_w\"  data-mobile_dir=\"rtl\" data-basecol=\"2\" data-col_tablet=\"column4-2\" data-col_tablet_landscape=\"column4-2\">\n\t\t\t<div  data-lazy=\"1\" class=\"sub_column module_column tf_box col2-1 first tb_f9zc95\"> \n\t    \t    \t        <div class=\"tb-column-inner tf_box tf_w\">\n\t\t    <!-- module text -->\n<div  class=\"module module-text tb_17wk95  repeat \" data-lazy=\"1\">\n        <div  class=\"tb_text_wrap\">\n    <h3><strong>L\u2019ANGELO GIOVANNI <\/strong><\/h3>\n<p>Il \u2018gusto\u2019 della libert\u00e0, per\u00f2, dura poco. A giugno 2020 la situazione precipita; altre metastasi alla testa, secondo intervento chirurgico e perduranti cicli di radioterapia e chemioterapia. <em>\u00abQuesta volta, non c\u2019\u00e8 pi\u00f9 niente da fare, Giovanni \u00e8 pieno di metastasi in quasi tutto il suo corpo\u00bb. <\/em>Con il tempo perde l\u2019uso delle gambe e l\u2019autonomia dei movimenti e, senza rendersi conto, entra in coma. Il 3 settembre 2021, a distanza di soli sei anni dalla prima diagnosi, Giovanni diventa un angelo.<\/p>    <\/div>\n<\/div>\n<!-- \/module text -->\t        <\/div>\n\t    \t<\/div>\n\t\t<div  data-lazy=\"1\" class=\"sub_column module_column tf_box col2-1 last tb_8l9i95\"> \n\t    \t    \t        <div class=\"tb-column-inner tf_box tf_w\">\n\t\t    <!-- module image -->\n<div  class=\"module module-image tb_bgqa95   image-center tf_mw\" data-lazy=\"1\">\n        <div class=\"image-wrap tf_rel tf_mw\">\n\t\t    <img loading=\"lazy\" decoding=\"async\" src=\"https:\/\/giovannibergantino.com\/wp-content\/uploads\/2022\/09\/9-612x854.jpg\" width=\"612\" height=\"854\" class=\"wp-post-image wp-image-208\" title=\"9\" alt=\"9\">\t\n\t\t<\/div>\n\t<!-- \/image-wrap -->\n    \n    \t<\/div>\n<!-- \/module image -->\t        <\/div>\n\t    \t<\/div>\n\t\t    <\/div>\n\t<\/div><!-- \/themify_builder_sub_row -->\n\t\t        <\/div>\n\t    \t<\/div>\n\t\t    <\/div>\n\t    <!-- \/row_inner -->\n\t<\/div>\n\t<!-- \/module_row -->\n\t\t<!-- module_row -->\n\t<div  data-lazy=\"1\" class=\"module_row themify_builder_row fullheight tb_dheb196 tf_clearfix\" >\n\t    \t\t<div class=\"row_inner col_align_bottom gutter-none col_auto_height col-count-1 direction-rtl tf_box tf_w tf_rel\"  data-desktop_dir=\"rtl\" data-tablet_dir=\"rtl\" data-tablet_landscape_dir=\"rtl\" data-basecol=\"1\" data-col_mobile=\"column-full\">\n\t\t\t<div  data-lazy=\"1\" class=\"module_column tb-column col-full first tb_huht197 tf_box\">\n\t\t\t    \t        <div class=\"tb-column-inner tf_box tf_w\">\n\t\t    \t<div  data-lazy=\"1\" class=\"module_subrow themify_builder_sub_row tb_wkxr197 tf_w tf_clearfix\">\n\t    \t\t<div class=\"subrow_inner col_align_middle gutter-none col-count-2 tf_box tf_w\"  data-basecol=\"2\" data-col_tablet=\"column4-2\" data-col_tablet_landscape=\"column4-2\" data-col_mobile=\"column-full\">\n\t\t\t<div  data-lazy=\"1\" class=\"sub_column module_column tf_box col2-1 first tb_nxla198 repeat\" > \n\t    \t    \t        <div class=\"tb-column-inner tf_box tf_w\">\n\t\t    <!-- module image -->\n<div  class=\"module module-image tb_qeqg198   image-center tf_mw\" data-lazy=\"1\">\n        <div class=\"image-wrap tf_rel tf_mw\">\n\t\t    <img loading=\"lazy\" decoding=\"async\" src=\"https:\/\/giovannibergantino.com\/wp-content\/uploads\/2022\/09\/5-600x899.jpg\" width=\"600\" height=\"899\" class=\"wp-post-image wp-image-204\" title=\"5\" alt=\"5\" srcset=\"https:\/\/giovannibergantino.com\/wp-content\/uploads\/2022\/09\/5-600x899.jpg 600w, https:\/\/giovannibergantino.com\/wp-content\/uploads\/2022\/09\/5-200x300.jpg 200w, https:\/\/giovannibergantino.com\/wp-content\/uploads\/2022\/09\/5.jpg 591w\" sizes=\"auto, (max-width: 600px) 100vw, 600px\" \/>\t\n\t\t<\/div>\n\t<!-- \/image-wrap -->\n    \n    \t<\/div>\n<!-- \/module image -->\t        <\/div>\n\t    \t<\/div>\n\t\t<div  data-lazy=\"1\" class=\"sub_column module_column tf_box col2-1 last tb_htvl198 repeat\" > \n\t    \t    \t        <div class=\"tb-column-inner tf_box tf_w\">\n\t\t    <!-- module text -->\n<div  class=\"module module-text tb_5s9j198  repeat \" data-lazy=\"1\">\n        <div  class=\"tb_text_wrap\">\n    <h3><strong>GIO\u2019 LA FORZA\u2026 DEGLI ALTRI<\/strong><\/h3>\n<p>Sei interminabili anni. Un\u2019eternit\u00e0 per chiunque, a maggior veduta per un adolescente nel pieno della vitalit\u00e0. E la vita, la sua, Giovanni l\u2019ama cos\u00ec com\u2019\u00e8, malattia compresa. A scuola, quando non riesce a frequentare, Gi\u00f2 chiede lezioni \u2018private\u2019 ai suoi professori (sempre molto disponibili) per restare al passo dei compagni e con determinazione e costanza si diploma, nonostante tutti i nonostante, all\u2019istituto Palmieri con eccellenti risultati. L\u2019anno successivo inizia il Liceo Scientifico Rispoli-Tondi e vive gli ultimi tre anni della sua vita mettendo al centro lo studio, le relazioni, la scrittura di poesie (la fede e l\u2019amore, come tematiche di riferimento) ed il disegno. Rassegnarsi all\u2019infelice destino o rimanere ancorati alla potenza della vita. Giovanni ha sempre scelto la seconda destinazione dando forza, semplicemente con il sorriso, non a s\u00e9 stesso. Agli altri.<\/p>    <\/div>\n<\/div>\n<!-- \/module text -->\t        <\/div>\n\t    \t<\/div>\n\t\t    <\/div>\n\t<\/div><!-- \/themify_builder_sub_row -->\n\t\t<div  data-lazy=\"1\" class=\"module_subrow themify_builder_sub_row tb_v9fi198 tf_w tf_clearfix\">\n\t    \t\t<div class=\"subrow_inner col_align_middle gutter-none col-count-2 tf_box tf_w\"  data-mobile_dir=\"rtl\" data-basecol=\"2\" data-col_tablet=\"column4-2\" data-col_tablet_landscape=\"column4-2\">\n\t\t\t<div  data-lazy=\"1\" class=\"sub_column module_column tf_box col2-1 first tb_so0j199\"> \n\t    \t    \t        <div class=\"tb-column-inner tf_box tf_w\">\n\t\t    <!-- module text -->\n<div  class=\"module module-text tb_f6a8199  repeat \" data-lazy=\"1\">\n        <div  class=\"tb_text_wrap\">\n    <h3><strong>UN AMICO FEDELE, ANZI DUE: GESU\u2019 E LA MADONNA <\/strong><\/h3>\n<p><em>\u00abNon si pu\u00f2 avere paura quando si ha fede\u00bb. <\/em>No, non \u00e8 l\u2019aforisma di un Santo, ma sono le parole di Giovanni, un semplice ragazzo con la grazia della fede e la protezione della sua amata Madonna. Tanti sono stati i segni di questo suo legame speciale: all\u2019inizio della malattia, Giovanni sogna di indossare una collanina con la medaglietta della Madonna Miracolosa che lo salvava dagli \u201cuomini cattivi che lo volevano uccidere\u201d e da quel giorno non si \u00e8 mai pi\u00f9 separato da quella medaglietta. Ogni tappa importante della sua malattia coincide con un giorno dedicato alla Madonna. No, non \u00e8 una coincidenza. \u00c8 la grazia di Maria concessa al \u2018suo\u2019 Giovanni. \u00c8 la consapevolezza di avere un amico fedele, anzi due: Ges\u00f9 e la Madonna.<\/p>    <\/div>\n<\/div>\n<!-- \/module text -->\t        <\/div>\n\t    \t<\/div>\n\t\t<div  data-lazy=\"1\" class=\"sub_column module_column tf_box col2-1 last tb_02iu199\"> \n\t    \t    \t        <div class=\"tb-column-inner tf_box tf_w\">\n\t\t    <!-- module image -->\n<div  class=\"module module-image tb_id65199   image-center tf_mw\" data-lazy=\"1\">\n        <div class=\"image-wrap tf_rel tf_mw\">\n\t\t    <img loading=\"lazy\" decoding=\"async\" src=\"https:\/\/giovannibergantino.com\/wp-content\/uploads\/2022\/09\/6__-612x854.jpg\" width=\"612\" height=\"854\" class=\"wp-post-image wp-image-238\" title=\"6__\" alt=\"6__\">\t\n\t\t<\/div>\n\t<!-- \/image-wrap -->\n    \n    \t<\/div>\n<!-- \/module image -->\t        <\/div>\n\t    \t<\/div>\n\t\t    <\/div>\n\t<\/div><!-- \/themify_builder_sub_row -->\n\t\t        <\/div>\n\t    \t<\/div>\n\t\t    <\/div>\n\t    <!-- \/row_inner -->\n\t<\/div>\n\t<!-- \/module_row -->\n\t\t<!-- module_row -->\n\t<div  data-lazy=\"1\" class=\"module_row themify_builder_row fullheight tb_y6pm99 tf_clearfix\" >\n\t    \t\t<div class=\"row_inner col_align_bottom gutter-none col_auto_height col-count-1 direction-rtl tf_box tf_w tf_rel\"  data-desktop_dir=\"rtl\" data-tablet_dir=\"rtl\" data-tablet_landscape_dir=\"rtl\" data-basecol=\"1\" data-col_mobile=\"column-full\">\n\t\t\t<div  data-lazy=\"1\" class=\"module_column tb-column col-full first tb_b9ue100 tf_box\">\n\t\t\t    \t        <div class=\"tb-column-inner tf_box tf_w\">\n\t\t    \t<div  data-lazy=\"1\" class=\"module_subrow themify_builder_sub_row tb_gv5h100 tf_w tf_clearfix\">\n\t    \t\t<div class=\"subrow_inner col_align_middle gutter-none col-count-2 tf_box tf_w\"  data-basecol=\"2\" data-col_tablet=\"column4-2\" data-col_tablet_landscape=\"column4-2\" data-col_mobile=\"column-full\">\n\t\t\t<div  data-lazy=\"1\" class=\"sub_column module_column tf_box col2-1 first tb_ogau101 repeat\" > \n\t    \t    \t        <div class=\"tb-column-inner tf_box tf_w\">\n\t\t    <!-- module image -->\n<div  class=\"module module-image tb_a1d6101   image-center tf_mw\" data-lazy=\"1\">\n        <div class=\"image-wrap tf_rel tf_mw\">\n\t\t    <img loading=\"lazy\" decoding=\"async\" src=\"https:\/\/giovannibergantino.com\/wp-content\/uploads\/2022\/09\/7-600x899.jpg\" width=\"600\" height=\"899\" class=\"wp-post-image wp-image-206\" title=\"7\" alt=\"7\" srcset=\"https:\/\/giovannibergantino.com\/wp-content\/uploads\/2022\/09\/7-600x899.jpg 600w, https:\/\/giovannibergantino.com\/wp-content\/uploads\/2022\/09\/7-200x300.jpg 200w, https:\/\/giovannibergantino.com\/wp-content\/uploads\/2022\/09\/7.jpg 591w\" sizes=\"auto, (max-width: 600px) 100vw, 600px\" \/>\t\n\t\t<\/div>\n\t<!-- \/image-wrap -->\n    \n    \t<\/div>\n<!-- \/module image -->\t        <\/div>\n\t    \t<\/div>\n\t\t<div  data-lazy=\"1\" class=\"sub_column module_column tf_box col2-1 last tb_btd5101 repeat\" > \n\t    \t    \t        <div class=\"tb-column-inner tf_box tf_w\">\n\t\t    <!-- module text -->\n<div  class=\"module module-text tb_zv0r101  repeat \" data-lazy=\"1\">\n        <div  class=\"tb_text_wrap\">\n    <h3><strong>L\u2019IMMANCABILE ROSARIO E L\u2019INCONTRO CON PAPA FRANCESCO<\/strong><\/h3>\n<p>L\u2019esperienza pi\u00f9 emblematica, simbolo del forte legame con la Madonna, Gi\u00f2 la vive con la sua famiglia a Lourdes nel 2017 con la promessa di non separarsi mai dal rosario e dalla recita quotidiana. L\u2019anno seguente, sempre a proposito di incontri che ti cambiano la vita, un uomo speciale visita l\u2019ospedale di San Giovanni Rotondo ed i bambini ricoverati. \u00c8 Papa Francesco. Per l\u2019occasione, Giovanni gli regala un disegno con un fiore e al centro una frase proprio del Santo Padre secondo il quale \u201cpi\u00f9 i fiori crescono tra le pietre e pi\u00f9 sono longevi e belli\u201d. Ed infatti, tra \u201cle pietre dure e quotidiane\u201d il \u201cfiore Gi\u00f2\u201d cresce senza alcun lamento, nessuna lacrima ma solo la felicit\u00e0 di poter godere delle piccole cose. Nonostante la malattia che lo costringe a tante rinunce, uno solo \u00e8 l\u2019appuntamento immancabile: l\u2019Eucarestia, anche quando la situazione inesorabilmente peggiora. A tutto si pu\u00f2 rinunciare, non a Ges\u00f9.<\/p>    <\/div>\n<\/div>\n<!-- \/module text -->\t        <\/div>\n\t    \t<\/div>\n\t\t    <\/div>\n\t<\/div><!-- \/themify_builder_sub_row -->\n\t\t<div  data-lazy=\"1\" class=\"module_subrow themify_builder_sub_row tb_lzqj102 tf_w tf_clearfix\">\n\t    \t\t<div class=\"subrow_inner col_align_middle gutter-none col-count-2 tf_box tf_w\"  data-mobile_dir=\"rtl\" data-basecol=\"2\" data-col_tablet=\"column4-2\" data-col_tablet_landscape=\"column4-2\">\n\t\t\t<div  data-lazy=\"1\" class=\"sub_column module_column tf_box col2-1 first tb_7nam102\"> \n\t    \t    \t        <div class=\"tb-column-inner tf_box tf_w\">\n\t\t    <!-- module text -->\n<div  class=\"module module-text tb_mxbe102  repeat \" data-lazy=\"1\">\n        <div  class=\"tb_text_wrap\">\n    <h3><strong><em>\u00abCHIEDO CHE TUTTI GLI ALTRI STIANO BENE\u00bb<\/em><\/strong><\/h3>\n<p><em>\u00abGiovanni ma tu quando preghi cosa chiedi?\u00bb \u2013 <\/em>gli domanda Padre Raffaele, il suo parroco. \u00ab<em>Che tutti gli altri stiano bene\u00bb &#8211; <\/em>risponde perentorio Gi\u00f2. E gli \u201caltri\u201d, decide di incontrali prima di perdere completamente l\u2019uso delle gambe, in un caldo pomeriggio del giugno 2021, per recitare la coroncina alla Divina Misericordia e adorare l\u2019Eucaristica. Davanti a Ges\u00f9 Sacramentato rimane per tanto tempo e, una volta uscito, dice: <em>\u00abMamma io non mi sono mai sentito cos\u00ec sereno come in questo momento\u00bb.<\/em> Una frase simile la ripete anche quando i dolori sono ormai lancinanti e persistenti: <em>\u00abNon vi preoccupate perch\u00e9 questi sono solo fastidi che non intaccano per niente la mia felicit\u00e0\u00bb. <\/em>S\u00ec, la felicit\u00e0 di Giovanni \u00e8 nel suo cuore, nell\u2019Eucarestia di cui si nutre, in un rosario bianco che tiene e stinge continuamente in mano. Fino alla fine dei suoi giorni.<\/p>    <\/div>\n<\/div>\n<!-- \/module text -->\t        <\/div>\n\t    \t<\/div>\n\t\t<div  data-lazy=\"1\" class=\"sub_column module_column tf_box col2-1 last tb_sbi3102\"> \n\t    \t    \t        <div class=\"tb-column-inner tf_box tf_w\">\n\t\t    <!-- module image -->\n<div  class=\"module module-image tb_ph2a102   image-center tf_mw\" data-lazy=\"1\">\n        <div class=\"image-wrap tf_rel tf_mw\">\n\t\t    <img loading=\"lazy\" decoding=\"async\" src=\"https:\/\/giovannibergantino.com\/wp-content\/uploads\/2022\/09\/8-612x854.jpg\" width=\"612\" height=\"854\" class=\"wp-post-image wp-image-207\" title=\"8\" alt=\"8\">\t\n\t\t<\/div>\n\t<!-- \/image-wrap -->\n    \n    \t<\/div>\n<!-- \/module image -->\t        <\/div>\n\t    \t<\/div>\n\t\t    <\/div>\n\t<\/div><!-- \/themify_builder_sub_row -->\n\t\t        <\/div>\n\t    \t<\/div>\n\t\t    <\/div>\n\t    <!-- \/row_inner -->\n\t<\/div>\n\t<!-- \/module_row -->\n\t\t<!-- module_row -->\n\t<div  data-lazy=\"1\" class=\"module_row themify_builder_row fullheight tb_8pce426 tf_clearfix\" >\n\t    \t\t<div class=\"row_inner col_align_bottom gutter-none col_auto_height col-count-1 direction-rtl tf_box tf_w tf_rel\"  data-desktop_dir=\"rtl\" data-tablet_dir=\"rtl\" data-tablet_landscape_dir=\"rtl\" data-basecol=\"1\" data-col_mobile=\"column-full\">\n\t\t\t<div  data-lazy=\"1\" class=\"module_column tb-column col-full first tb_rx5t427 tf_box\">\n\t\t\t    \t        <div class=\"tb-column-inner tf_box tf_w\">\n\t\t    \t<div  data-lazy=\"1\" class=\"module_subrow themify_builder_sub_row tb_4p1f427 tf_w tf_clearfix\">\n\t    \t\t<div class=\"subrow_inner col_align_middle gutter-none col-count-2 tf_box tf_w\"  data-basecol=\"2\" data-col_tablet=\"column4-2\" data-col_tablet_landscape=\"column4-2\" data-col_mobile=\"column-full\">\n\t\t\t<div  data-lazy=\"1\" class=\"sub_column module_column tf_box col2-1 first tb_nkt1427 repeat\" > \n\t    \t    \t        <div class=\"tb-column-inner tf_box tf_w\">\n\t\t    <!-- module image -->\n<div  class=\"module module-image tb_6s0o428   image-center tf_mw\" data-lazy=\"1\">\n        <div class=\"image-wrap tf_rel tf_mw\">\n\t\t    <img loading=\"lazy\" decoding=\"async\" src=\"https:\/\/giovannibergantino.com\/wp-content\/uploads\/2022\/09\/4-600x899.jpg\" width=\"600\" height=\"899\" class=\"wp-post-image wp-image-203\" title=\"4\" alt=\"4\" srcset=\"https:\/\/giovannibergantino.com\/wp-content\/uploads\/2022\/09\/4-600x899.jpg 600w, https:\/\/giovannibergantino.com\/wp-content\/uploads\/2022\/09\/4-200x300.jpg 200w, https:\/\/giovannibergantino.com\/wp-content\/uploads\/2022\/09\/4.jpg 591w\" sizes=\"auto, (max-width: 600px) 100vw, 600px\" \/>\t\n\t\t<\/div>\n\t<!-- \/image-wrap -->\n    \n    \t<\/div>\n<!-- \/module image -->\t        <\/div>\n\t    \t<\/div>\n\t\t<div  data-lazy=\"1\" class=\"sub_column module_column tf_box col2-1 last tb_ckr9428 repeat\" > \n\t    \t    \t        <div class=\"tb-column-inner tf_box tf_w\">\n\t\t    <!-- module text -->\n<div  class=\"module module-text tb_q601428  repeat \" data-lazy=\"1\">\n        <div  class=\"tb_text_wrap\">\n    <h3><strong>IL BENE FA BENE. LE PRIME INZIATIVE\u2026 <\/strong><\/h3>\n<p>La fede forte e sincera di Giovanni ha parlato al cuore di tante persone. Durante gli anni della malattia in tantissimi, pur non conoscendolo, si sono uniti in preghiera per lui. Si dice che <em>\u00absolo chi ha Dio nel cuore guarda e vede oltre\u00bb <\/em>e Giovanni, avendo Dio nel cuore, nella semplicit\u00e0 pi\u00f9 assoluta insegnava (e continua a farlo!) a confidare e guardare Ges\u00f9. Dopo la sua nascita al cielo, tantissime sono le manifestazioni organizzate in sua memoria; un torneo di calcio e soprattutto un concorso letterario indetto dalle scuole che ha frequentato a San Severo. Anche in questo caso, sebbene si trattasse di poesie e temi, la partecipazione \u00e8 massiva: bambini, giovani e ragazzi che hanno imparato, attraverso Giovanni, a trovare la felicit\u00e0 e il senso di ogni cosa in Dio. L\u2019ultimo in ordine cronologico \u00e8 il \u201cregalo\u201d di Marika, una liceale maturanda, che ha dedicato la sua tesina a Giovanni Bergantino. Un giovane che, con il male addosso, ha scelto il bene!<\/p>    <\/div>\n<\/div>\n<!-- \/module text -->\t        <\/div>\n\t    \t<\/div>\n\t\t    <\/div>\n\t<\/div><!-- \/themify_builder_sub_row -->\n\t\t<div  data-lazy=\"1\" class=\"module_subrow themify_builder_sub_row tb_5atc428 tf_w tf_clearfix\">\n\t    \t\t<div class=\"subrow_inner col_align_middle gutter-none col-count-2 tf_box tf_w\"  data-mobile_dir=\"rtl\" data-basecol=\"2\" data-col_tablet=\"column4-2\" data-col_tablet_landscape=\"column4-2\">\n\t\t\t<div  data-lazy=\"1\" class=\"sub_column module_column tf_box col2-1 first tb_xx2y428\"> \n\t    \t    \t        <div class=\"tb-column-inner tf_box tf_w\">\n\t\t    <!-- module text -->\n<div  class=\"module module-text tb_7zkm429  repeat \" data-lazy=\"1\">\n        <div  class=\"tb_text_wrap\">\n    <h3><strong>L\u2019EREDITA\u2019 DI GIOVANNI\u2026 GLI OCCHI DELLA FEDE <\/strong><\/h3>\n<p>L\u2019insegnamento di Giovanni pu\u00f2 essere racchiuso in una frase che lui stesso ha detto, pochi mesi prima di andare via, durante un progetto scolastico: <em>\u00abMi \u00e8 capitato di vivere periodi abbastanza complicati ed inizialmente non sapevo come gestirli, tuttavia la consapevolezza che questi momenti costituissero un periodo limitato (e che quindi ce ne sarebbero stati altri da intraprendere e da scoprire), mi ha dato la forza di affrontarli\u00bb.<\/em><\/p>    <\/div>\n<\/div>\n<!-- \/module text -->\t        <\/div>\n\t    \t<\/div>\n\t\t<div  data-lazy=\"1\" class=\"sub_column module_column tf_box col2-1 last tb_71x7429\"> \n\t    \t    \t        <div class=\"tb-column-inner tf_box tf_w\">\n\t\t    <!-- module image -->\n<div  class=\"module module-image tb_skng429   image-center tf_mw\" data-lazy=\"1\">\n        <div class=\"image-wrap tf_rel tf_mw\">\n\t\t    <img loading=\"lazy\" decoding=\"async\" src=\"https:\/\/giovannibergantino.com\/wp-content\/uploads\/2022\/09\/10-612x854.jpg\" width=\"612\" height=\"854\" class=\"wp-post-image wp-image-209\" title=\"10\" alt=\"10\">\t\n\t\t<\/div>\n\t<!-- \/image-wrap -->\n    \n    \t<\/div>\n<!-- \/module image -->\t        <\/div>\n\t    \t<\/div>\n\t\t    <\/div>\n\t<\/div><!-- \/themify_builder_sub_row -->\n\t\t        <\/div>\n\t    \t<\/div>\n\t\t    <\/div>\n\t    <!-- \/row_inner -->\n\t<\/div>\n\t<!-- \/module_row -->\n\t\t<!-- module_row -->\n\t<div  data-lazy=\"1\" class=\"module_row themify_builder_row tb_wt0g89 tf_clearfix\" >\n\t    \t\t<div class=\"row_inner col_align_top col-count-1 tf_box tf_w tf_rel\">\n\t\t\t<div  data-lazy=\"1\" class=\"module_column tb-column col-full first tb_72g890 tf_box\">\n\t\t\t    \t        <div class=\"tb-column-inner tf_box tf_w\">\n\t\t    <!-- module text -->\n<div  class=\"module module-text tb_8r82928   \" data-lazy=\"1\">\n        <div  class=\"tb_text_wrap\">\n    <p style=\"text-align: center;\">Giovanni Bergantino, un ragazzo che guarda oltre\u2026 con gli occhi della fede!<\/p>    <\/div>\n<\/div>\n<!-- \/module text -->\t        <\/div>\n\t    \t<\/div>\n\t\t    <\/div>\n\t    <!-- \/row_inner -->\n\t<\/div>\n\t<!-- \/module_row -->\n\t<\/div>\n<!--\/themify_builder_content-->","protected":false},"excerpt":{"rendered":"<p>Giovanni Bergantino nasce a Foggia il 25 novembre 2004 anche se vive a San Severo trascorrendo la sua infanzia tranquillamente con la famiglia, a scuola, con gli amici, in chiesa. Un bambino come tutti gli altri sempre educato e solare, generoso con tutti ma al tempo stesso riservato.<\/p>\n","protected":false},"author":2,"featured_media":0,"parent":0,"menu_order":0,"comment_status":"closed","ping_status":"closed","template":"","meta":{"footnotes":""},"class_list":["post-91","page","type-page","status-publish","hentry","has-post-title","has-post-date","has-post-category","has-post-tag","has-post-comment","has-post-author",""],"builder_content":"<p>Giovanni Bergantino nasce a Foggia il 25 novembre 2004 anche se vive a San Severo trascorrendo la sua infanzia tranquillamente con la famiglia, a scuola, con gli amici, in chiesa. Un bambino come tutti gli altri sempre educato e solare, generoso con tutti ma al tempo stesso riservato.<\/p>\n<img loading=\"lazy\" decoding=\"async\" src=\"https:\/\/giovannibergantino.com\/wp-content\/uploads\/2022\/09\/1-600x899.jpg\" width=\"600\" height=\"899\" title=\"1\" alt=\"1\" srcset=\"https:\/\/giovannibergantino.com\/wp-content\/uploads\/2022\/09\/1-600x899.jpg 600w, https:\/\/giovannibergantino.com\/wp-content\/uploads\/2022\/09\/1-200x300.jpg 200w, https:\/\/giovannibergantino.com\/wp-content\/uploads\/2022\/09\/1.jpg 591w\" sizes=\"auto, (max-width: 600px) 100vw, 600px\" \/>\n<h3><strong>LA SCUOLA E LE PASSIONI DI UN BAMBINO... ATTIVO! <\/strong><\/h3> <p>A cinque anni inizia a giocare a calcio in una squadra locale, l\u2019Apocalisse, e l\u2019anno successivo frequenta la scuola elementare presso l\u2019Istituto San Giovanni Bosco in San Severo. Giovanni si dimostra particolarmente attivo nelle esperienze scolastiche ed extrascolastiche: canta, balla, recita ed \u00e8 coinvolto in prima persona in ogni manifestazione. La sua materia preferita \u00e8 l\u2019italiano, ama le parole e lo dimostra arrivando terzo alle Olimpiadi Nazionali della Grammatica e, sempre nello stesso anno, vincendo un concorso letterario intitolato alla memoria di Salvatore Marracino, giovane militare sanseverese ucciso in un attentato a Nassirya. Chi legge quel tema, scruta la storia di Giovanni; i suoi principi, valori ed un percorso di fede intenso, vissuto con la sua famiglia nella Parrocchia delle Grazie a San Severo che si intensifica maggiormente dall\u2019incontro con Ges\u00f9 nel Sacramento della Prima Comunione ricevuta ad aprile del 2014.<\/p>\n<h3><strong>DAL CALCIO\u2026 ALLA SCOPERTA DELLA MALATTIA <\/strong><\/h3> <p>Qualche mese dopo, esattamente nel marzo 2015, durante una partita di calcio, Giovanni si fa male, avverte dolori fortissimi all\u2019inguine che lo costringano ad usare le stampelle. I dottori pensano ad uno stiramento, ma ad agosto il malessere si ripresenta pi\u00f9 forte di prima ed \u00e8 necessaria una visita specialistica all\u2019ospedale Rizzoli di Bologna. La diagnosi del tre settembre non lascia scampi: sarcoma di Ewing al bacino, tra i pi\u00f9 rari ed aggressivi. La massa \u00e8 di diciassette centimetri, esplosa, inoperabile e con numerosissime metastasi ai polmoni. Addirittura i medici si spingono oltre: <em>\u00abDifficilmente, Giovanni arriver\u00e0 al prossimo Natale, ma vogliamo provarci con terapie abbastanza aggressive\u00bb. <\/em>Parole forti, toni perentori che lascerebbero basiti chiunque, tranne uno: il diretto interessato. Non solo Gi\u00f2 reagisce con vigore alle potenti medicine, ma ha un\u2019arma tutta sua, il sorriso da trasmettere a chiunque. E cos\u00ec, a dieci anni, proprio quando tutti i suoi amici si siedono tra i banchi di scuola della prima media, Giovanni lotta, in un letto d\u2019ospedale, per la vita, difendendola con ostentazione e tenacia.<\/p>\n<img loading=\"lazy\" decoding=\"async\" src=\"https:\/\/giovannibergantino.com\/wp-content\/uploads\/2022\/09\/2-612x854.jpg\" width=\"612\" height=\"854\" title=\"Biografia\" alt=\"Biografia\">\n<img loading=\"lazy\" decoding=\"async\" src=\"https:\/\/giovannibergantino.com\/wp-content\/uploads\/2022\/09\/3-600x899.jpg\" width=\"600\" height=\"899\" title=\"3\" alt=\"3\" srcset=\"https:\/\/giovannibergantino.com\/wp-content\/uploads\/2022\/09\/3-600x899.jpg 600w, https:\/\/giovannibergantino.com\/wp-content\/uploads\/2022\/09\/3-200x300.jpg 200w, https:\/\/giovannibergantino.com\/wp-content\/uploads\/2022\/09\/3.jpg 591w\" sizes=\"auto, (max-width: 600px) 100vw, 600px\" \/>\n<h3><strong>GLI INTERVENTI, LE CHEMIO, LE SPERANZE\u2026<\/strong><\/h3> <p>A San Giovanni Rotondo, la citt\u00e0 di San Pio, partono sei lunghissimi anni fatti di cicli lunghissimi di chemioterapia e continui ricoveri a causa delle numerose infezioni dovute alle basse difese immunitarie. Gi\u00f2 ne prova di ogni: radioterapia al bacino <u>(che gli provoca delle piaghe dolorose e sanguinanti),<\/u> un trapianto delle cellule staminali costringendolo all\u2019isolamento, in una camera sterile, per un mese senza poter vedere nessuno.Proprio quando la malattia sembra essere in remissione, un altro fulmine a ciel sereno: 3 settembre 2017. Giovanni ha una metastasi di sette centimetri alla testa. Urge l\u2019operazione. Passa l\u2019intervento, vive l\u2019esperienza della rianimazione, ma il suo spirito non muta mai: sorriso e fiducia nel Signore rinnovata, a distanza di pochi mesi dall\u2019operazione chirurgica, con il Sacramento della Cresima. Due anni dopo, nel 2019, finalmente, Giovanni vive la sua quotidianit\u00e0 lontano dall\u2019ospedale!<\/p>\n<h3><strong>L\u2019ANGELO GIOVANNI <\/strong><\/h3> <p>Il \u2018gusto\u2019 della libert\u00e0, per\u00f2, dura poco. A giugno 2020 la situazione precipita; altre metastasi alla testa, secondo intervento chirurgico e perduranti cicli di radioterapia e chemioterapia. <em>\u00abQuesta volta, non c\u2019\u00e8 pi\u00f9 niente da fare, Giovanni \u00e8 pieno di metastasi in quasi tutto il suo corpo\u00bb. <\/em>Con il tempo perde l\u2019uso delle gambe e l\u2019autonomia dei movimenti e, senza rendersi conto, entra in coma. Il 3 settembre 2021, a distanza di soli sei anni dalla prima diagnosi, Giovanni diventa un angelo.<\/p>\n<img loading=\"lazy\" decoding=\"async\" src=\"https:\/\/giovannibergantino.com\/wp-content\/uploads\/2022\/09\/9-612x854.jpg\" width=\"612\" height=\"854\" title=\"9\" alt=\"9\">\n<img loading=\"lazy\" decoding=\"async\" src=\"https:\/\/giovannibergantino.com\/wp-content\/uploads\/2022\/09\/5-600x899.jpg\" width=\"600\" height=\"899\" title=\"5\" alt=\"5\" srcset=\"https:\/\/giovannibergantino.com\/wp-content\/uploads\/2022\/09\/5-600x899.jpg 600w, https:\/\/giovannibergantino.com\/wp-content\/uploads\/2022\/09\/5-200x300.jpg 200w, https:\/\/giovannibergantino.com\/wp-content\/uploads\/2022\/09\/5.jpg 591w\" sizes=\"auto, (max-width: 600px) 100vw, 600px\" \/>\n<h3><strong>GIO\u2019 LA FORZA\u2026 DEGLI ALTRI<\/strong><\/h3> <p>Sei interminabili anni. Un\u2019eternit\u00e0 per chiunque, a maggior veduta per un adolescente nel pieno della vitalit\u00e0. E la vita, la sua, Giovanni l\u2019ama cos\u00ec com\u2019\u00e8, malattia compresa. A scuola, quando non riesce a frequentare, Gi\u00f2 chiede lezioni \u2018private\u2019 ai suoi professori (sempre molto disponibili) per restare al passo dei compagni e con determinazione e costanza si diploma, nonostante tutti i nonostante, all\u2019istituto Palmieri con eccellenti risultati. L\u2019anno successivo inizia il Liceo Scientifico Rispoli-Tondi e vive gli ultimi tre anni della sua vita mettendo al centro lo studio, le relazioni, la scrittura di poesie (la fede e l\u2019amore, come tematiche di riferimento) ed il disegno. Rassegnarsi all\u2019infelice destino o rimanere ancorati alla potenza della vita. Giovanni ha sempre scelto la seconda destinazione dando forza, semplicemente con il sorriso, non a s\u00e9 stesso. Agli altri.<\/p>\n<h3><strong>UN AMICO FEDELE, ANZI DUE: GESU\u2019 E LA MADONNA <\/strong><\/h3> <p><em>\u00abNon si pu\u00f2 avere paura quando si ha fede\u00bb. <\/em>No, non \u00e8 l\u2019aforisma di un Santo, ma sono le parole di Giovanni, un semplice ragazzo con la grazia della fede e la protezione della sua amata Madonna. Tanti sono stati i segni di questo suo legame speciale: all\u2019inizio della malattia, Giovanni sogna di indossare una collanina con la medaglietta della Madonna Miracolosa che lo salvava dagli \u201cuomini cattivi che lo volevano uccidere\u201d e da quel giorno non si \u00e8 mai pi\u00f9 separato da quella medaglietta. Ogni tappa importante della sua malattia coincide con un giorno dedicato alla Madonna. No, non \u00e8 una coincidenza. \u00c8 la grazia di Maria concessa al \u2018suo\u2019 Giovanni. \u00c8 la consapevolezza di avere un amico fedele, anzi due: Ges\u00f9 e la Madonna.<\/p>\n<img loading=\"lazy\" decoding=\"async\" src=\"https:\/\/giovannibergantino.com\/wp-content\/uploads\/2022\/09\/6__-612x854.jpg\" width=\"612\" height=\"854\" title=\"6__\" alt=\"6__\">\n<img loading=\"lazy\" decoding=\"async\" src=\"https:\/\/giovannibergantino.com\/wp-content\/uploads\/2022\/09\/7-600x899.jpg\" width=\"600\" height=\"899\" title=\"7\" alt=\"7\" srcset=\"https:\/\/giovannibergantino.com\/wp-content\/uploads\/2022\/09\/7-600x899.jpg 600w, https:\/\/giovannibergantino.com\/wp-content\/uploads\/2022\/09\/7-200x300.jpg 200w, https:\/\/giovannibergantino.com\/wp-content\/uploads\/2022\/09\/7.jpg 591w\" sizes=\"auto, (max-width: 600px) 100vw, 600px\" \/>\n<h3><strong>L\u2019IMMANCABILE ROSARIO E L\u2019INCONTRO CON PAPA FRANCESCO<\/strong><\/h3> <p>L\u2019esperienza pi\u00f9 emblematica, simbolo del forte legame con la Madonna, Gi\u00f2 la vive con la sua famiglia a Lourdes nel 2017 con la promessa di non separarsi mai dal rosario e dalla recita quotidiana. L\u2019anno seguente, sempre a proposito di incontri che ti cambiano la vita, un uomo speciale visita l\u2019ospedale di San Giovanni Rotondo ed i bambini ricoverati. \u00c8 Papa Francesco. Per l\u2019occasione, Giovanni gli regala un disegno con un fiore e al centro una frase proprio del Santo Padre secondo il quale \u201cpi\u00f9 i fiori crescono tra le pietre e pi\u00f9 sono longevi e belli\u201d. Ed infatti, tra \u201cle pietre dure e quotidiane\u201d il \u201cfiore Gi\u00f2\u201d cresce senza alcun lamento, nessuna lacrima ma solo la felicit\u00e0 di poter godere delle piccole cose. Nonostante la malattia che lo costringe a tante rinunce, uno solo \u00e8 l\u2019appuntamento immancabile: l\u2019Eucarestia, anche quando la situazione inesorabilmente peggiora. A tutto si pu\u00f2 rinunciare, non a Ges\u00f9.<\/p>\n<h3><strong><em>\u00abCHIEDO CHE TUTTI GLI ALTRI STIANO BENE\u00bb<\/em><\/strong><\/h3> <p><em>\u00abGiovanni ma tu quando preghi cosa chiedi?\u00bb \u2013 <\/em>gli domanda Padre Raffaele, il suo parroco. \u00ab<em>Che tutti gli altri stiano bene\u00bb - <\/em>risponde perentorio Gi\u00f2. E gli \u201caltri\u201d, decide di incontrali prima di perdere completamente l\u2019uso delle gambe, in un caldo pomeriggio del giugno 2021, per recitare la coroncina alla Divina Misericordia e adorare l\u2019Eucaristica. Davanti a Ges\u00f9 Sacramentato rimane per tanto tempo e, una volta uscito, dice: <em>\u00abMamma io non mi sono mai sentito cos\u00ec sereno come in questo momento\u00bb.<\/em> Una frase simile la ripete anche quando i dolori sono ormai lancinanti e persistenti: <em>\u00abNon vi preoccupate perch\u00e9 questi sono solo fastidi che non intaccano per niente la mia felicit\u00e0\u00bb. <\/em>S\u00ec, la felicit\u00e0 di Giovanni \u00e8 nel suo cuore, nell\u2019Eucarestia di cui si nutre, in un rosario bianco che tiene e stinge continuamente in mano. Fino alla fine dei suoi giorni.<\/p>\n<img loading=\"lazy\" decoding=\"async\" src=\"https:\/\/giovannibergantino.com\/wp-content\/uploads\/2022\/09\/8-612x854.jpg\" width=\"612\" height=\"854\" title=\"8\" alt=\"8\">\n<img loading=\"lazy\" decoding=\"async\" src=\"https:\/\/giovannibergantino.com\/wp-content\/uploads\/2022\/09\/4-600x899.jpg\" width=\"600\" height=\"899\" title=\"4\" alt=\"4\" srcset=\"https:\/\/giovannibergantino.com\/wp-content\/uploads\/2022\/09\/4-600x899.jpg 600w, https:\/\/giovannibergantino.com\/wp-content\/uploads\/2022\/09\/4-200x300.jpg 200w, https:\/\/giovannibergantino.com\/wp-content\/uploads\/2022\/09\/4.jpg 591w\" sizes=\"auto, (max-width: 600px) 100vw, 600px\" \/>\n<h3><strong>IL BENE FA BENE. LE PRIME INZIATIVE\u2026 <\/strong><\/h3> <p>La fede forte e sincera di Giovanni ha parlato al cuore di tante persone. Durante gli anni della malattia in tantissimi, pur non conoscendolo, si sono uniti in preghiera per lui. Si dice che <em>\u00absolo chi ha Dio nel cuore guarda e vede oltre\u00bb <\/em>e Giovanni, avendo Dio nel cuore, nella semplicit\u00e0 pi\u00f9 assoluta insegnava (e continua a farlo!) a confidare e guardare Ges\u00f9. Dopo la sua nascita al cielo, tantissime sono le manifestazioni organizzate in sua memoria; un torneo di calcio e soprattutto un concorso letterario indetto dalle scuole che ha frequentato a San Severo. Anche in questo caso, sebbene si trattasse di poesie e temi, la partecipazione \u00e8 massiva: bambini, giovani e ragazzi che hanno imparato, attraverso Giovanni, a trovare la felicit\u00e0 e il senso di ogni cosa in Dio. L\u2019ultimo in ordine cronologico \u00e8 il \u201cregalo\u201d di Marika, una liceale maturanda, che ha dedicato la sua tesina a Giovanni Bergantino. Un giovane che, con il male addosso, ha scelto il bene!<\/p>\n<h3><strong>L\u2019EREDITA\u2019 DI GIOVANNI\u2026 GLI OCCHI DELLA FEDE <\/strong><\/h3> <p>L\u2019insegnamento di Giovanni pu\u00f2 essere racchiuso in una frase che lui stesso ha detto, pochi mesi prima di andare via, durante un progetto scolastico: <em>\u00abMi \u00e8 capitato di vivere periodi abbastanza complicati ed inizialmente non sapevo come gestirli, tuttavia la consapevolezza che questi momenti costituissero un periodo limitato (e che quindi ce ne sarebbero stati altri da intraprendere e da scoprire), mi ha dato la forza di affrontarli\u00bb.<\/em><\/p>\n<img loading=\"lazy\" decoding=\"async\" src=\"https:\/\/giovannibergantino.com\/wp-content\/uploads\/2022\/09\/10-612x854.jpg\" width=\"612\" height=\"854\" title=\"10\" alt=\"10\">\n<p style=\"text-align: center;\">Giovanni Bergantino, un ragazzo che guarda oltre\u2026 con gli occhi della fede!<\/p>","_links":{"self":[{"href":"https:\/\/giovannibergantino.com\/index.php\/wp-json\/wp\/v2\/pages\/91","targetHints":{"allow":["GET"]}}],"collection":[{"href":"https:\/\/giovannibergantino.com\/index.php\/wp-json\/wp\/v2\/pages"}],"about":[{"href":"https:\/\/giovannibergantino.com\/index.php\/wp-json\/wp\/v2\/types\/page"}],"author":[{"embeddable":true,"href":"https:\/\/giovannibergantino.com\/index.php\/wp-json\/wp\/v2\/users\/2"}],"replies":[{"embeddable":true,"href":"https:\/\/giovannibergantino.com\/index.php\/wp-json\/wp\/v2\/comments?post=91"}],"version-history":[{"count":76,"href":"https:\/\/giovannibergantino.com\/index.php\/wp-json\/wp\/v2\/pages\/91\/revisions"}],"predecessor-version":[{"id":273,"href":"https:\/\/giovannibergantino.com\/index.php\/wp-json\/wp\/v2\/pages\/91\/revisions\/273"}],"wp:attachment":[{"href":"https:\/\/giovannibergantino.com\/index.php\/wp-json\/wp\/v2\/media?parent=91"}],"curies":[{"name":"wp","href":"https:\/\/api.w.org\/{rel}","templated":true}]}}